{"id":451,"date":"2023-05-06T11:02:03","date_gmt":"2023-05-06T11:02:03","guid":{"rendered":"https:\/\/roj-union.com\/?page_id=451"},"modified":"2023-05-31T15:31:38","modified_gmt":"2023-05-31T15:31:38","slug":"kultur","status":"publish","type":"page","link":"https:\/\/roj-union.com\/index.php\/kultur\/","title":{"rendered":"Die Kurden"},"content":{"rendered":"\t\t<div data-elementor-type=\"wp-page\" data-elementor-id=\"451\" class=\"elementor elementor-451\">\n\t\t\t\t\t\t\t\t\t<section class=\"elementor-section elementor-top-section elementor-element elementor-element-7e9cd01 elementor-section-height-min-height elementor-section-boxed elementor-section-height-default elementor-section-items-middle\" data-id=\"7e9cd01\" data-element_type=\"section\">\n\t\t\t\t\t\t\t<div class=\"elementor-background-overlay\"><\/div>\n\t\t\t\t\t\t\t<div class=\"elementor-container elementor-column-gap-default\">\n\t\t\t\t\t<div class=\"elementor-column elementor-col-100 elementor-top-column elementor-element elementor-element-22bf2c3\" data-id=\"22bf2c3\" data-element_type=\"column\" data-settings=\"{&quot;background_background&quot;:&quot;classic&quot;}\">\n\t\t\t<div class=\"elementor-widget-wrap elementor-element-populated\">\n\t\t\t\t\t\t\t\t<div class=\"elementor-element elementor-element-073d3eb elementor-invisible elementor-widget elementor-widget-heading\" data-id=\"073d3eb\" data-element_type=\"widget\" data-settings=\"{&quot;_animation&quot;:&quot;fadeIn&quot;}\" data-widget_type=\"heading.default\">\n\t\t\t\t<div class=\"elementor-widget-container\">\n\t\t\t<style>\/*! elementor - v3.18.0 - 08-12-2023 *\/\n.elementor-heading-title{padding:0;margin:0;line-height:1}.elementor-widget-heading .elementor-heading-title[class*=elementor-size-]>a{color:inherit;font-size:inherit;line-height:inherit}.elementor-widget-heading .elementor-heading-title.elementor-size-small{font-size:15px}.elementor-widget-heading .elementor-heading-title.elementor-size-medium{font-size:19px}.elementor-widget-heading .elementor-heading-title.elementor-size-large{font-size:29px}.elementor-widget-heading .elementor-heading-title.elementor-size-xl{font-size:39px}.elementor-widget-heading .elementor-heading-title.elementor-size-xxl{font-size:59px}<\/style><h1 class=\"elementor-heading-title elementor-size-default\">KULTUR<\/h1>\t\t<\/div>\n\t\t\t\t<\/div>\n\t\t\t\t\t<\/div>\n\t\t<\/div>\n\t\t\t\t\t\t\t<\/div>\n\t\t<\/section>\n\t\t\t\t<section class=\"elementor-section elementor-top-section elementor-element elementor-element-f121f5b elementor-section-stretched elementor-section-boxed elementor-section-height-default elementor-section-height-default\" data-id=\"f121f5b\" data-element_type=\"section\" data-settings=\"{&quot;stretch_section&quot;:&quot;section-stretched&quot;,&quot;background_background&quot;:&quot;classic&quot;}\">\n\t\t\t\t\t\t<div class=\"elementor-container elementor-column-gap-default\">\n\t\t\t\t\t<div class=\"elementor-column elementor-col-100 elementor-top-column elementor-element elementor-element-cf13ba1\" data-id=\"cf13ba1\" data-element_type=\"column\">\n\t\t\t<div class=\"elementor-widget-wrap elementor-element-populated\">\n\t\t\t\t\t\t\t\t<div class=\"elementor-element elementor-element-27693e3 elementor-widget elementor-widget-spacer\" data-id=\"27693e3\" data-element_type=\"widget\" data-widget_type=\"spacer.default\">\n\t\t\t\t<div class=\"elementor-widget-container\">\n\t\t\t<style>\/*! elementor - v3.18.0 - 08-12-2023 *\/\n.elementor-column .elementor-spacer-inner{height:var(--spacer-size)}.e-con{--container-widget-width:100%}.e-con-inner>.elementor-widget-spacer,.e-con>.elementor-widget-spacer{width:var(--container-widget-width,var(--spacer-size));--align-self:var(--container-widget-align-self,initial);--flex-shrink:0}.e-con-inner>.elementor-widget-spacer>.elementor-widget-container,.e-con>.elementor-widget-spacer>.elementor-widget-container{height:100%;width:100%}.e-con-inner>.elementor-widget-spacer>.elementor-widget-container>.elementor-spacer,.e-con>.elementor-widget-spacer>.elementor-widget-container>.elementor-spacer{height:100%}.e-con-inner>.elementor-widget-spacer>.elementor-widget-container>.elementor-spacer>.elementor-spacer-inner,.e-con>.elementor-widget-spacer>.elementor-widget-container>.elementor-spacer>.elementor-spacer-inner{height:var(--container-widget-height,var(--spacer-size))}.e-con-inner>.elementor-widget-spacer.elementor-widget-empty,.e-con>.elementor-widget-spacer.elementor-widget-empty{position:relative;min-height:22px;min-width:22px}.e-con-inner>.elementor-widget-spacer.elementor-widget-empty .elementor-widget-empty-icon,.e-con>.elementor-widget-spacer.elementor-widget-empty .elementor-widget-empty-icon{position:absolute;top:0;bottom:0;left:0;right:0;margin:auto;padding:0;width:22px;height:22px}<\/style>\t\t<div class=\"elementor-spacer\">\n\t\t\t<div class=\"elementor-spacer-inner\"><\/div>\n\t\t<\/div>\n\t\t\t\t<\/div>\n\t\t\t\t<\/div>\n\t\t\t\t<div class=\"elementor-element elementor-element-beb18ca animated-fast elementor-invisible elementor-widget elementor-widget-heading\" data-id=\"beb18ca\" data-element_type=\"widget\" data-settings=\"{&quot;_animation&quot;:&quot;slideInUp&quot;}\" data-widget_type=\"heading.default\">\n\t\t\t\t<div class=\"elementor-widget-container\">\n\t\t\t<h3 class=\"elementor-heading-title elementor-size-default\">Kurdistan<\/h3>\t\t<\/div>\n\t\t\t\t<\/div>\n\t\t\t\t<div class=\"elementor-element elementor-element-76c4003 elementor-widget elementor-widget-text-editor\" data-id=\"76c4003\" data-element_type=\"widget\" data-widget_type=\"text-editor.default\">\n\t\t\t\t<div class=\"elementor-widget-container\">\n\t\t\t<style>\/*! elementor - v3.18.0 - 08-12-2023 *\/\n.elementor-widget-text-editor.elementor-drop-cap-view-stacked .elementor-drop-cap{background-color:#69727d;color:#fff}.elementor-widget-text-editor.elementor-drop-cap-view-framed .elementor-drop-cap{color:#69727d;border:3px solid;background-color:transparent}.elementor-widget-text-editor:not(.elementor-drop-cap-view-default) .elementor-drop-cap{margin-top:8px}.elementor-widget-text-editor:not(.elementor-drop-cap-view-default) .elementor-drop-cap-letter{width:1em;height:1em}.elementor-widget-text-editor .elementor-drop-cap{float:left;text-align:center;line-height:1;font-size:50px}.elementor-widget-text-editor .elementor-drop-cap-letter{display:inline-block}<\/style>\t\t\t\t\t\t\t\t\t\t<\/div>\n\t\t\t\t<\/div>\n\t\t\t\t\t<\/div>\n\t\t<\/div>\n\t\t\t\t\t\t\t<\/div>\n\t\t<\/section>\n\t\t\t\t<section class=\"elementor-section elementor-top-section elementor-element elementor-element-6978bf2 elementor-section-boxed elementor-section-height-default elementor-section-height-default\" data-id=\"6978bf2\" data-element_type=\"section\" data-settings=\"{&quot;background_background&quot;:&quot;classic&quot;}\">\n\t\t\t\t\t\t<div class=\"elementor-container elementor-column-gap-default\">\n\t\t\t\t\t<div class=\"elementor-column elementor-col-100 elementor-top-column elementor-element elementor-element-c8d6fe1\" data-id=\"c8d6fe1\" data-element_type=\"column\">\n\t\t\t<div class=\"elementor-widget-wrap elementor-element-populated\">\n\t\t\t\t\t\t\t\t<section class=\"elementor-section elementor-inner-section elementor-element elementor-element-764148c elementor-section-boxed elementor-section-height-default elementor-section-height-default\" data-id=\"764148c\" data-element_type=\"section\">\n\t\t\t\t\t\t<div class=\"elementor-container elementor-column-gap-default\">\n\t\t\t\t\t<div class=\"elementor-column elementor-col-50 elementor-inner-column elementor-element elementor-element-aac4627\" data-id=\"aac4627\" data-element_type=\"column\">\n\t\t\t<div class=\"elementor-widget-wrap elementor-element-populated\">\n\t\t\t\t\t\t\t\t<div class=\"elementor-element elementor-element-de2eeb7 elementor-widget elementor-widget-text-editor\" data-id=\"de2eeb7\" data-element_type=\"widget\" data-widget_type=\"text-editor.default\">\n\t\t\t\t<div class=\"elementor-widget-container\">\n\t\t\t\t\t\t\t<p>\u00a0<\/p><p>Der Name Kurdistan setzt sich aus zwei Silben zusammen: \u201cKurd\u201d bezieht sich auf die Kurden und \u201cStan\u201d bedeutet \u201eLand\u201c. Somit\u00a0 bedeutet Kurdistan \u201edas Land der Kurden\u201c. Kurdistan liegt nord\u00f6stlich vom Mittelmeer im Westen Asiens und erstreckt sich \u00fcbers Ararat-Gebirge im Norden, bis hin zur s\u00fcdwestlichen Seite des Kaspischen Meeres und im S\u00fcdosten des Schwarzen Meeres bis zum Rand der Arabischen Halbinsel im Nord- und Ostirak vom Zagros-Gebirge im Osten und S\u00fcdosten bis nach Iskenderun . An der Mittelmeerk\u00fcste im Westen wird Kurdistan auf mehr als 500.000\u00a0<span style=\"color: #000000; font-family: 'ITC Century Std Light', serif; font-size: 12pt; font-style: normal; font-variant-ligatures: normal; font-variant-caps: normal; text-align: justify;\">km<\/span><sup style=\"color: #000000; font-family: 'ITC Century Std Light', serif; font-style: normal; font-variant-ligatures: normal; font-variant-caps: normal; font-weight: 400; text-align: justify;\">2<\/sup><span style=\"font-size: 14px;\">\u00a0gesch\u00e4tzt und ist derzeit auf mehrere L\u00e4nder aufgeteilt. Zu diesen L\u00e4ndern geh\u00f6ren: Die T\u00fcrkei, der Iran, der Irak und Syrien. Dies f\u00fchrt dazu, dass Kurdistan unter mehreren internationalen Spaltungen leidet, denen sich die Region unterwerfen muss. Die erste Teilung Kurdistans erfolgte am 17. Mai im Jahre 1639 durch das Friedensabkommen in \u201eQasr-Schirin\u201c zwischen den osmanischen und persischen Safawiden Staaten. Dieser Vertrag beendete nicht nur den langj\u00e4hrigen osmanisch-persischen Krieg, sondern setzte au\u00dferdem die L\u00e4ndergrenzen zwischen beiden Seiten fest. Anschlie\u00dfend wurde Kurdistan zwischen dem Osmanischen Reich (heutige T\u00fcrkei) und dem Iran aufgeteilt. Die zweite Teilung Kurdistans erfolgte durch das Sykes-Picot Abkommen im Jahr 1916 durch die Alliierten nach der Niederlage des Osmanischen Reiches im ersten Weltkrieg. Das Sykes-Picot Abkommen wurde von den Au\u00dfenministern Russlands, Gro\u00dfbritanniens und Frankreichs beschlossen. In geheimen Konferenzen legten sie die k\u00fcnftigen Regelungen f\u00fcr den Nahen Osten und das Osmanische Reich fest. Auch die Unterwerfung und erneute Aufteilung Kurdistans wurde entschieden. Die einzelnen Landst\u00fccke wurden verschiedenen L\u00e4ndern zugesprochen und so wurde Kurdistan der T\u00fcrkei, dem Irak und Syrien angeschlossen. Hier, nach dem 1. Weltkrieg, bot sich zum ersten Mal die M\u00f6glichkeit f\u00fcr die Kurden, das Kurdenproblem zu l\u00f6sen. Kurden aus aller Welt mobilisierten sich und unternahmen gro\u00dfe Anstrengungen, um mit ihrer Stimme die Friedenskonferenz in Paris (1919) zu erreichen. Sie hofften, ihre legitimen Rechte erlangen zu k\u00f6nnen, insbesondere nachdem US Pr\u00e4sident Wilson das Recht der V\u00f6lker auf Selbstbestimmung erkl\u00e4rte. <\/span><span style=\"font-size: 14px;\">Die kurdische Gesellschaft steht allen Religionen offen gegen\u00fcber, die Mehrheit der Kurden jedoch wird mit 70% als sunnitische Muslime gesch\u00e4tzt. Zu den gesch\u00e4tzten 30% geh\u00f6ren schiitisch- muslimi &#8211; sche Kurden und andere religi\u00f6se Minderheiten wie Yaziden, Yarsans und Alawiten. Christliche Kurden werden auf 150.000 und j\u00fcdische auf 200.000 gesch\u00e4tzt. Auch der Zoroastrianismus ist mit etwa 250.000 Menschen Teil der kurdischen Gemeinde. Die Sprache der Kurden ist ,,Kurdisch\u201c. Die kurdi &#8211; sche Sprache geh\u00f6rt zur iranischen Sprachgruppe, einem Zweig der indogermanischen Sprachfamilie. Andere Zweige der indogermanischen Sprachfamilie sind neben indoeurop\u00e4ischen Sprachen wie Persisch und Hindi nat\u00fcrlich auch Sprachen wie Englisch, Franz\u00f6sisch und Deutsch &#8211; alle entfernte Verwandte der kurdischen Sprache. Es gibt mehrere verschiedene Dialekte des Kurdisch. Neben vier Hauptdialekten gibt es viele lokale Dialekte, die in bis zu 18 verschiedene Dialekte unter &#8211; teilt werden. Die kurdische Sprache hat sich zu einer Vielzahl von Dialekten entwickelt. Der erste Faktor ist die geografische Beschaffenheit der kurdischen Regionen. Viele Berge und Hochebenen, die nur schwer zu \u00fcberwinden sind, haben zur Entstehung dieser Dialekte gef\u00fchrt, wobei die Urspr\u00fcnge der kurdischen Sprache insgesamt ber\u00fccksichtigt wurden. Der zweite ist der politische Faktor, das Fehlen einer unabh\u00e4ngigen Einheit f\u00fcr die Kurden, um sie und ihre Dialekte zu vereinen. Und nat\u00fcrlich der Mangel an Freiheit, die kurdische Sprache zu sprechen oder sie in akademischer Form zu lernen. Die meisten Kurden sprechen neben ihrer Muttersprache auch Nachbarsprachen wie T\u00fcrkisch, Arabisch und Persisch<\/span><\/p><p>\u00a0<\/p>\t\t\t\t\t\t<\/div>\n\t\t\t\t<\/div>\n\t\t\t\t\t<\/div>\n\t\t<\/div>\n\t\t\t\t<div class=\"elementor-column elementor-col-50 elementor-inner-column elementor-element elementor-element-730c643\" data-id=\"730c643\" data-element_type=\"column\">\n\t\t\t<div class=\"elementor-widget-wrap elementor-element-populated\">\n\t\t\t\t\t\t\t\t<div class=\"elementor-element elementor-element-dd4982b elementor-widget elementor-widget-text-editor\" data-id=\"dd4982b\" data-element_type=\"widget\" data-widget_type=\"text-editor.default\">\n\t\t\t\t<div class=\"elementor-widget-container\">\n\t\t\t\t\t\t\t<p style=\"text-align: left;\">Somit war der Vertrag von S\u00e8vres letztendlich ein schwerer Schlag gegen die Kurden und ihre Zukunft, da die Teilung Kurdistans gefestigt wurde und somit die siegreichen Alliierten die moralische Verantwortung gegen\u00fcber dem kurdischen Volk hatten. All dies f\u00fchrte zu einer zunehmenden Komplexit\u00e4t des Kurdenproblems, nachdem sich das kurdische Volk praktisch und rechtlich auf vier L\u00e4nder verteilt hatte. Der der T\u00fcrkei angegliederte Teil wird als Nordkurdistan bezeichnet, der Teil im Irak als S\u00fcdkurdistan, im Iran als Ostkurdistan und der syrische Teil wird als Westkurdistan. Ein weiterer Teil blieb w\u00e4hrend des Ersten Weltkrieges mit dem zaristischen Russland verbunden. Sp\u00e4ter erlangte dieser Teil w\u00e4hrend Lenins Regierungszeit 1923 Autonomie innerhalb der Sowjetunion. Stalin \u00fcbernahm bald die Macht und die Kurdische Autonome Republik wurde 1229 zerschlagen. Die Kurden wurden in die Sowjetrepubliken vertrieben und zwischen ihnen deportiert. Um den t\u00fcrkischen Nachbarn zufriedenzustellen und die verbesserten Beziehungen zwischen der Sowjetunion und der T\u00fcrkei aufrechtzuerhalten, wurde dieser Teil \u201ckurdisches Red\u201d getauft. Die Zahl der Kurden in allen Teilen Kurdistans und der Welt wird auf 45 bis 50 Millionen gesch\u00e4tzt. Es gibt keine offiziellen Statistiken, da es keine Volksz\u00e4hlungen f\u00fcr Kurden in den jeweiligen L\u00e4ndern gibt. Grund hierf\u00fcr sind zum Einen die mangelnde Anerkennung der Kurden in diesen L\u00e4ndern und zum Anderen der Versuch, die Wahrheit \u00fcber die Anzahl der Kurden zu vertuschen, um ungest\u00f6rt demografische Anpassungen in ihren Gebieten vorzunehmen. Es wird gesch\u00e4tzt, dass in der T\u00fcrkei etwa 23 Millionen, im Iran etwa 11 Millionen, im Irak etwa 8 Millionen und in Syrien etwa 3,5 Millionen Kurden leben.\u00a0<span style=\"font-size: 14px;\">Unter in der Diaspora lebenden Kurden ist Deutschland das Land mit den meisten kurdischen Bewohnern, die auf etwa 1 Million gesch\u00e4tzt werden.<br \/>Das macht Deutschland gewisserma\u00dfen zum f\u00fcnften\u00a0<\/span><span style=\"font-size: 14px;\">Land, in dem die Bev\u00f6lkerung der Kurden unter &#8211; gebracht sind &#8211; nach der T\u00fcrkei, dem Iran, Irak und Syrien.\u00a0<\/span><span style=\"font-size: 14px;\">Die kurdische Gesellschaft steht allen Religionen offen gegen\u00fcber, die Mehrheit der Kurden jedoch wird mit 70% als sunnitische Muslime gesch\u00e4tzt. Zu den gesch\u00e4tzten 30% geh\u00f6ren schiitisch- muslimi &#8211; sche Kurden und andere religi\u00f6se Minderheiten wie Yaziden, Yarsans und Alawiten. Christliche Kurden werden auf 150.000 und j\u00fcdische auf 200.000 ge &#8211; sch\u00e4tzt. Auch der Zoroastrianismus ist mit etwa 250.000 Menschen Teil der kurdischen Gemeinde. Die Sprache der Kurden ist ,,Kurdisch\u201c. Die kurdi &#8211; sche Sprache geh\u00f6rt zur iranischen Sprachgruppe, einem Zweig der indogermanischen Sprachfamilie. Andere Zweige der indogermanischen Sprachfamilie sind neben indoeurop\u00e4ischen Sprachen wie Persisch und Hindi nat\u00fcrlich auch Sprachen wie Englisch, Franz\u00f6sisch und Deutsch &#8211; alle entfernte Verwandte der kurdischen Sprache. Es gibt mehrere verschiedene Dialekte des Kurdisch. Neben vier Hauptdialekten gibt es viele lokale Dialekte, die in bis zu 18 verschiedene Dialekte unter &#8211; teilt werden. Die kurdische Sprache hat sich zu einer Vielzahl von Dialekten entwickelt. Der erste Faktor ist die geo &#8211; grafische Beschaffenheit der kurdischen Regionen. Viele Berge und Hochebenen, die nur schwer zu \u00fcberwinden sind, haben zur Entstehung dieser Dialekte gef\u00fchrt, wobei die Urspr\u00fcnge der kurdischen Sprache insgesamt ber\u00fccksichtigt wurden. Der zweite ist der politische Faktor, das Fehlen einer unabh\u00e4ngigen Einheit f\u00fcr die Kurden, um sie und ihre Dialekte zu vereinen. Und nat\u00fcrlich der Mangel an Freiheit, die kurdische Sprache zu sprechen oder sie in akademischer Form zu lernen. Die meisten Kurden sprechen neben ihrer Muttersprache auch Nachbarsprachen wie T\u00fcrkisch, Ara &#8211; bisch und Persisch.<\/span><\/p>\t\t\t\t\t\t<\/div>\n\t\t\t\t<\/div>\n\t\t\t\t\t<\/div>\n\t\t<\/div>\n\t\t\t\t\t\t\t<\/div>\n\t\t<\/section>\n\t\t\t\t\t<\/div>\n\t\t<\/div>\n\t\t\t\t\t\t\t<\/div>\n\t\t<\/section>\n\t\t\t\t\t\t\t<\/div>\n\t\t","protected":false},"excerpt":{"rendered":"<p>KULTUR Kurdistan \u00a0 Der Name Kurdistan setzt sich aus zwei Silben zusammen: \u201cKurd\u201d bezieht sich auf die Kurden und \u201cStan\u201d bedeutet \u201eLand\u201c. Somit\u00a0 bedeutet Kurdistan \u201edas Land der Kurden\u201c. Kurdistan liegt nord\u00f6stlich vom Mittelmeer im Westen Asiens und erstreckt sich \u00fcbers Ararat-Gebirge im Norden, bis hin zur s\u00fcdwestlichen Seite des Kaspischen Meeres und im S\u00fcdosten [&hellip;]<\/p>\n","protected":false},"author":1,"featured_media":0,"parent":0,"menu_order":0,"comment_status":"closed","ping_status":"closed","template":"","meta":{"_monsterinsights_skip_tracking":false,"_monsterinsights_sitenote_active":false,"_monsterinsights_sitenote_note":"","_monsterinsights_sitenote_category":0,"_uf_show_specific_survey":0,"_uf_disable_surveys":false,"footnotes":""},"aioseo_notices":[],"_links":{"self":[{"href":"https:\/\/roj-union.com\/index.php\/wp-json\/wp\/v2\/pages\/451"}],"collection":[{"href":"https:\/\/roj-union.com\/index.php\/wp-json\/wp\/v2\/pages"}],"about":[{"href":"https:\/\/roj-union.com\/index.php\/wp-json\/wp\/v2\/types\/page"}],"author":[{"embeddable":true,"href":"https:\/\/roj-union.com\/index.php\/wp-json\/wp\/v2\/users\/1"}],"replies":[{"embeddable":true,"href":"https:\/\/roj-union.com\/index.php\/wp-json\/wp\/v2\/comments?post=451"}],"version-history":[{"count":23,"href":"https:\/\/roj-union.com\/index.php\/wp-json\/wp\/v2\/pages\/451\/revisions"}],"predecessor-version":[{"id":707,"href":"https:\/\/roj-union.com\/index.php\/wp-json\/wp\/v2\/pages\/451\/revisions\/707"}],"wp:attachment":[{"href":"https:\/\/roj-union.com\/index.php\/wp-json\/wp\/v2\/media?parent=451"}],"curies":[{"name":"wp","href":"https:\/\/api.w.org\/{rel}","templated":true}]}}